{"id":104,"date":"2024-12-18T14:39:24","date_gmt":"2024-12-18T18:39:24","guid":{"rendered":"https:\/\/voicecenterpr.com\/?post_type=the-center&#038;p=104"},"modified":"2025-02-11T11:12:30","modified_gmt":"2025-02-11T15:12:30","slug":"dr-laureano-giraldez-rodriguez","status":"publish","type":"the-center","link":"https:\/\/voicecenterpr.com\/es\/el-centro\/dr-laureano-giraldez-rodriguez\/","title":{"rendered":"Dr. Laureano Gir\u00e1ldez-Rodr\u00edguez, MD FACS"},"content":{"rendered":"<div class=\"wpb-content-wrapper\"><p>[vc_section full_width=\u00bbstretch_row\u00bb parallax=\u00bbcontent-moving\u00bb parallax_image=\u00bb242&#8243; css=\u00bb.vc_custom_1734722660259{background-color: #FFFFFF !important;background-position: center !important;background-repeat: no-repeat !important;background-size: cover !important;}\u00bb el_class=\u00bbteam-single-section\u00bb][vc_row full_width=\u00bbstretch_row\u00bb gap=\u00bb35&#8243; el_class=\u00bbteam-single-hero-row\u00bb][vc_column width=\u00bb1\/2&#8243;][vc_column_text css=\u00bb\u00bb]<\/p>\n<h2>Dr. Laureano Gir\u00e1ldez Rodr\u00edguez, MD FACS<\/h2>\n<h4>Experto en Otorrinolaringolog\u00eda y Cirug\u00eda de Cabeza y Cuello<\/h4>\n<p>Catedr\u00e1tico en la Secci\u00f3n de Otorrinolaringolog\u00eda y Cirug\u00eda de Cabeza y Cuello de la Universidad de Puerto Rico. Obtuvo su bachillerato en Filosof\u00eda de Boston College en Massachusetts y se gradu\u00f3 con honores de la Escuela de Medicina de la Universidad de Puerto Rico. Complet\u00f3 su residencia en Otorrinolaringolog\u00eda y Cirug\u00eda de Cabeza y Cuello en la Universidad de Puerto Rico y se especializ\u00f3 en des\u00f3rdenes de voz, tragado y v\u00edas a\u00e9reas en el Emory Voice Center en Atlanta. Posteriormente, realiz\u00f3 una segunda subespecialidad en C\u00e1ncer de Cabeza y Cuello, Cirug\u00eda Rob\u00f3tica Transoral (TORS) y Reconstrucci\u00f3n Microvascular en Mount Sinai School of Medicine. El Dr. Gir\u00e1ldez ha publicado numerosos art\u00edculos en revistas revisadas por pares y ha contribuido a varios cap\u00edtulos en libros de texto de su especialidad.[\/vc_column_text][\/vc_column][vc_column width=\u00bb1\/12&#8243;][\/vc_column][vc_column width=\u00bb5\/12&#8243;][vc_single_image image=\u00bb303&#8243; img_size=\u00bbfull\u00bb alignment=\u00bbcenter\u00bb css=\u00bb\u00bb el_class=\u00bbteam-image team-single laureano\u00bb][\/vc_column][\/vc_row][vc_row full_width=\u00bbstretch_row\u00bb gap=\u00bb35&#8243; el_class=\u00bbcertificaciones-row\u00bb][vc_column width=\u00bb1\/2&#8243;][vc_column_text css=\u00bb\u00bb]<\/p>\n<h2>Certificaciones<\/h2>\n<p>[\/vc_column_text][vc_column_text css=\u00bb\u00bb]<\/p>\n<ul>\n<li>American Board of Otolaryngology en Otorrinolaringolog\u00eda y Cirug\u00eda de Cabeza y Cuello<\/li>\n<\/ul>\n<p>[\/vc_column_text][\/vc_column][vc_column width=\u00bb1\/2&#8243;][vc_column_text css=\u00bb\u00bb]<\/p>\n<h2>Asociaciones<\/h2>\n<p>[\/vc_column_text][vc_column_text css=\u00bb\u00bb]<\/p>\n<ul>\n<li>American Academy of Otolaryngology<\/li>\n<li>Sociedad Puertorrique\u00f1a de Otorrinolaringolog\u00eda<\/li>\n<li>American Bronchoesophagological Association (ABEA)<\/li>\n<\/ul>\n<p>[\/vc_column_text][\/vc_column][\/vc_row][\/vc_section]<\/p>\n<\/div>","protected":false},"excerpt":{"rendered":"<p>[vc_section full_width=\u00bbstretch_row\u00bb parallax=\u00bbcontent-moving\u00bb parallax_image=\u00bb242&#8243; css=\u00bb.vc_custom_1734722660259{background-color: #FFFFFF !important;background-position: center !important;background-repeat: no-repeat !important;background-size: cover !important;}\u00bb el_class=\u00bbteam-single-section\u00bb][vc_row full_width=\u00bbstretch_row\u00bb gap=\u00bb35&#8243; el_class=\u00bbteam-single-hero-row\u00bb][vc_column width=\u00bb1\/2&#8243;][vc_column_text css=\u00bb\u00bb] Dr. [&hellip;]<\/p>\n","protected":false},"author":1,"featured_media":0,"template":"","meta":{"_acf_changed":false,"inline_featured_image":false,"site-sidebar-layout":"no-sidebar","site-content-layout":"plain-container","ast-site-content-layout":"default","site-content-style":"default","site-sidebar-style":"default","ast-global-header-display":"","ast-banner-title-visibility":"","ast-main-header-display":"","ast-hfb-above-header-display":"","ast-hfb-below-header-display":"","ast-hfb-mobile-header-display":"","site-post-title":"disabled","ast-breadcrumbs-content":"","ast-featured-img":"disabled","footer-sml-layout":"","theme-transparent-header-meta":"default","adv-header-id-meta":"","stick-header-meta":"default","header-above-stick-meta":"","header-main-stick-meta":"","header-below-stick-meta":"","astra-migrate-meta-layouts":"set","ast-page-background-enabled":"default","ast-page-background-meta":{"desktop":{"background-color":"var(--ast-global-color-4)","background-image":"","background-repeat":"repeat","background-position":"center center","background-size":"auto","background-attachment":"scroll","background-type":"","background-media":"","overlay-type":"","overlay-color":"","overlay-opacity":"","overlay-gradient":""},"tablet":{"background-color":"","background-image":"","background-repeat":"repeat","background-position":"center center","background-size":"auto","background-attachment":"scroll","background-type":"","background-media":"","overlay-type":"","overlay-color":"","overlay-opacity":"","overlay-gradient":""},"mobile":{"background-color":"","background-image":"","background-repeat":"repeat","background-position":"center center","background-size":"auto","background-attachment":"scroll","background-type":"","background-media":"","overlay-type":"","overlay-color":"","overlay-opacity":"","overlay-gradient":""}},"ast-content-background-meta":{"desktop":{"background-color":"var(--ast-global-color-5)","background-image":"","background-repeat":"repeat","background-position":"center center","background-size":"auto","background-attachment":"scroll","background-type":"","background-media":"","overlay-type":"","overlay-color":"","overlay-opacity":"","overlay-gradient":""},"tablet":{"background-color":"var(--ast-global-color-5)","background-image":"","background-repeat":"repeat","background-position":"center center","background-size":"auto","background-attachment":"scroll","background-type":"","background-media":"","overlay-type":"","overlay-color":"","overlay-opacity":"","overlay-gradient":""},"mobile":{"background-color":"var(--ast-global-color-5)","background-image":"","background-repeat":"repeat","background-position":"center center","background-size":"auto","background-attachment":"scroll","background-type":"","background-media":"","overlay-type":"","overlay-color":"","overlay-opacity":"","overlay-gradient":""}}},"class_list":["post-104","the-center","type-the-center","status-publish","hentry"],"acf":[],"yoast_head":"<!-- This site is optimized with the Yoast SEO Premium plugin v24.4 (Yoast SEO v25.3) - https:\/\/yoast.com\/wordpress\/plugins\/seo\/ -->\n<title>Dr. Laureano Gir\u00e1ldez-Rodr\u00edguez, MD FACS - The Voice and Swallowing Center of Puerto Rico<\/title>\n<meta name=\"description\" content=\"Especialista en trastornos de voz, tragado y cirug\u00eda rob\u00f3tica. L\u00edder en tratamientos avanzados y reconstrucci\u00f3n funcional para afecciones complejas.\" \/>\n<meta name=\"robots\" content=\"index, follow, max-snippet:-1, max-image-preview:large, max-video-preview:-1\" \/>\n<link rel=\"canonical\" href=\"https:\/\/voicecenterpr.com\/es\/el-centro\/dr-laureano-giraldez-rodriguez\/\" \/>\n<meta property=\"og:locale\" content=\"es_ES\" \/>\n<meta property=\"og:type\" content=\"article\" \/>\n<meta property=\"og:title\" content=\"Dr. Laureano Gir\u00e1ldez-Rodr\u00edguez, MD FACS\" \/>\n<meta property=\"og:description\" content=\"Especialista en trastornos de voz, tragado y cirug\u00eda rob\u00f3tica. L\u00edder en tratamientos avanzados y reconstrucci\u00f3n funcional para afecciones complejas.\" \/>\n<meta property=\"og:url\" content=\"https:\/\/voicecenterpr.com\/es\/el-centro\/dr-laureano-giraldez-rodriguez\/\" \/>\n<meta property=\"og:site_name\" content=\"The Voice and Swallowing Center of Puerto Rico\" \/>\n<meta property=\"article:modified_time\" content=\"2025-02-11T15:12:30+00:00\" \/>\n<meta property=\"og:image\" content=\"https:\/\/voicecenterpr.com\/wp-content\/uploads\/2025\/02\/CVT-Opengraph.jpg\" \/>\n\t<meta property=\"og:image:width\" content=\"1200\" \/>\n\t<meta property=\"og:image:height\" content=\"630\" \/>\n\t<meta property=\"og:image:type\" content=\"image\/jpeg\" \/>\n<meta name=\"twitter:card\" content=\"summary_large_image\" \/>\n<meta name=\"twitter:label1\" content=\"Est. reading time\" \/>\n\t<meta name=\"twitter:data1\" content=\"2 minutos\" \/>\n<script type=\"application\/ld+json\" class=\"yoast-schema-graph\">{\"@context\":\"https:\/\/schema.org\",\"@graph\":[{\"@type\":\"WebPage\",\"@id\":\"https:\/\/voicecenterpr.com\/es\/el-centro\/dr-laureano-giraldez-rodriguez\/\",\"url\":\"https:\/\/voicecenterpr.com\/es\/el-centro\/dr-laureano-giraldez-rodriguez\/\",\"name\":\"Dr. Laureano Gir\u00e1ldez-Rodr\u00edguez, MD FACS - The Voice and Swallowing Center of Puerto Rico\",\"isPartOf\":{\"@id\":\"https:\/\/voicecenterpr.com\/es\/#website\"},\"datePublished\":\"2024-12-18T18:39:24+00:00\",\"dateModified\":\"2025-02-11T15:12:30+00:00\",\"description\":\"Especialista en trastornos de voz, tragado y cirug\u00eda rob\u00f3tica. L\u00edder en tratamientos avanzados y reconstrucci\u00f3n funcional para afecciones complejas.\",\"breadcrumb\":{\"@id\":\"https:\/\/voicecenterpr.com\/es\/el-centro\/dr-laureano-giraldez-rodriguez\/#breadcrumb\"},\"inLanguage\":\"es\",\"potentialAction\":[{\"@type\":\"ReadAction\",\"target\":[\"https:\/\/voicecenterpr.com\/es\/el-centro\/dr-laureano-giraldez-rodriguez\/\"]}]},{\"@type\":\"BreadcrumbList\",\"@id\":\"https:\/\/voicecenterpr.com\/es\/el-centro\/dr-laureano-giraldez-rodriguez\/#breadcrumb\",\"itemListElement\":[{\"@type\":\"ListItem\",\"position\":1,\"name\":\"Home\",\"item\":\"https:\/\/voicecenterpr.com\/es\/\"},{\"@type\":\"ListItem\",\"position\":2,\"name\":\"Dr. Laureano Gir\u00e1ldez-Rodr\u00edguez, MD FACS\"}]},{\"@type\":\"WebSite\",\"@id\":\"https:\/\/voicecenterpr.com\/es\/#website\",\"url\":\"https:\/\/voicecenterpr.com\/es\/\",\"name\":\"The Voice and Swallowing Center of Puerto Rico\",\"description\":\"\",\"publisher\":{\"@id\":\"https:\/\/voicecenterpr.com\/es\/#organization\"},\"potentialAction\":[{\"@type\":\"SearchAction\",\"target\":{\"@type\":\"EntryPoint\",\"urlTemplate\":\"https:\/\/voicecenterpr.com\/es\/?s={search_term_string}\"},\"query-input\":{\"@type\":\"PropertyValueSpecification\",\"valueRequired\":true,\"valueName\":\"search_term_string\"}}],\"inLanguage\":\"es\"},{\"@type\":\"Organization\",\"@id\":\"https:\/\/voicecenterpr.com\/es\/#organization\",\"name\":\"The Voice and Swallowing Center of Puerto Rico\",\"url\":\"https:\/\/voicecenterpr.com\/es\/\",\"logo\":{\"@type\":\"ImageObject\",\"inLanguage\":\"es\",\"@id\":\"https:\/\/voicecenterpr.com\/es\/#\/schema\/logo\/image\/\",\"url\":\"https:\/\/voicecenterpr.com\/wp-content\/uploads\/2024\/12\/cvtpr-logo-svg.svg\",\"contentUrl\":\"https:\/\/voicecenterpr.com\/wp-content\/uploads\/2024\/12\/cvtpr-logo-svg.svg\",\"caption\":\"The Voice and Swallowing Center of Puerto Rico\"},\"image\":{\"@id\":\"https:\/\/voicecenterpr.com\/es\/#\/schema\/logo\/image\/\"}}]}<\/script>\n<!-- \/ Yoast SEO Premium plugin. -->","yoast_head_json":{"title":"Dr. Laureano Gir\u00e1ldez-Rodr\u00edguez, MD FACS - The Voice and Swallowing Center of Puerto Rico","description":"Especialista en trastornos de voz, tragado y cirug\u00eda rob\u00f3tica. L\u00edder en tratamientos avanzados y reconstrucci\u00f3n funcional para afecciones complejas.","robots":{"index":"index","follow":"follow","max-snippet":"max-snippet:-1","max-image-preview":"max-image-preview:large","max-video-preview":"max-video-preview:-1"},"canonical":"https:\/\/voicecenterpr.com\/es\/el-centro\/dr-laureano-giraldez-rodriguez\/","og_locale":"es_ES","og_type":"article","og_title":"Dr. Laureano Gir\u00e1ldez-Rodr\u00edguez, MD FACS","og_description":"Especialista en trastornos de voz, tragado y cirug\u00eda rob\u00f3tica. L\u00edder en tratamientos avanzados y reconstrucci\u00f3n funcional para afecciones complejas.","og_url":"https:\/\/voicecenterpr.com\/es\/el-centro\/dr-laureano-giraldez-rodriguez\/","og_site_name":"The Voice and Swallowing Center of Puerto Rico","article_modified_time":"2025-02-11T15:12:30+00:00","og_image":[{"width":1200,"height":630,"url":"https:\/\/voicecenterpr.com\/wp-content\/uploads\/2025\/02\/CVT-Opengraph.jpg","type":"image\/jpeg"}],"twitter_card":"summary_large_image","twitter_misc":{"Est. reading time":"2 minutos"},"schema":{"@context":"https:\/\/schema.org","@graph":[{"@type":"WebPage","@id":"https:\/\/voicecenterpr.com\/es\/el-centro\/dr-laureano-giraldez-rodriguez\/","url":"https:\/\/voicecenterpr.com\/es\/el-centro\/dr-laureano-giraldez-rodriguez\/","name":"Dr. Laureano Gir\u00e1ldez-Rodr\u00edguez, MD FACS - The Voice and Swallowing Center of Puerto Rico","isPartOf":{"@id":"https:\/\/voicecenterpr.com\/es\/#website"},"datePublished":"2024-12-18T18:39:24+00:00","dateModified":"2025-02-11T15:12:30+00:00","description":"Especialista en trastornos de voz, tragado y cirug\u00eda rob\u00f3tica. L\u00edder en tratamientos avanzados y reconstrucci\u00f3n funcional para afecciones complejas.","breadcrumb":{"@id":"https:\/\/voicecenterpr.com\/es\/el-centro\/dr-laureano-giraldez-rodriguez\/#breadcrumb"},"inLanguage":"es","potentialAction":[{"@type":"ReadAction","target":["https:\/\/voicecenterpr.com\/es\/el-centro\/dr-laureano-giraldez-rodriguez\/"]}]},{"@type":"BreadcrumbList","@id":"https:\/\/voicecenterpr.com\/es\/el-centro\/dr-laureano-giraldez-rodriguez\/#breadcrumb","itemListElement":[{"@type":"ListItem","position":1,"name":"Home","item":"https:\/\/voicecenterpr.com\/es\/"},{"@type":"ListItem","position":2,"name":"Dr. Laureano Gir\u00e1ldez-Rodr\u00edguez, MD FACS"}]},{"@type":"WebSite","@id":"https:\/\/voicecenterpr.com\/es\/#website","url":"https:\/\/voicecenterpr.com\/es\/","name":"The Voice and Swallowing Center of Puerto Rico","description":"","publisher":{"@id":"https:\/\/voicecenterpr.com\/es\/#organization"},"potentialAction":[{"@type":"SearchAction","target":{"@type":"EntryPoint","urlTemplate":"https:\/\/voicecenterpr.com\/es\/?s={search_term_string}"},"query-input":{"@type":"PropertyValueSpecification","valueRequired":true,"valueName":"search_term_string"}}],"inLanguage":"es"},{"@type":"Organization","@id":"https:\/\/voicecenterpr.com\/es\/#organization","name":"The Voice and Swallowing Center of Puerto Rico","url":"https:\/\/voicecenterpr.com\/es\/","logo":{"@type":"ImageObject","inLanguage":"es","@id":"https:\/\/voicecenterpr.com\/es\/#\/schema\/logo\/image\/","url":"https:\/\/voicecenterpr.com\/wp-content\/uploads\/2024\/12\/cvtpr-logo-svg.svg","contentUrl":"https:\/\/voicecenterpr.com\/wp-content\/uploads\/2024\/12\/cvtpr-logo-svg.svg","caption":"The Voice and Swallowing Center of Puerto Rico"},"image":{"@id":"https:\/\/voicecenterpr.com\/es\/#\/schema\/logo\/image\/"}}]}},"_links":{"self":[{"href":"https:\/\/voicecenterpr.com\/es\/wp-json\/wp\/v2\/the-center\/104","targetHints":{"allow":["GET"]}}],"collection":[{"href":"https:\/\/voicecenterpr.com\/es\/wp-json\/wp\/v2\/the-center"}],"about":[{"href":"https:\/\/voicecenterpr.com\/es\/wp-json\/wp\/v2\/types\/the-center"}],"author":[{"embeddable":true,"href":"https:\/\/voicecenterpr.com\/es\/wp-json\/wp\/v2\/users\/1"}],"wp:attachment":[{"href":"https:\/\/voicecenterpr.com\/es\/wp-json\/wp\/v2\/media?parent=104"}],"curies":[{"name":"wp","href":"https:\/\/api.w.org\/{rel}","templated":true}]}}